{"id":5138,"date":"2023-07-07T00:22:00","date_gmt":"2023-07-07T05:22:00","guid":{"rendered":"https:\/\/www.fondoadaptacion.gov.co\/gramaloteunarealidad\/?page_id=5138"},"modified":"2023-07-07T00:24:29","modified_gmt":"2023-07-07T05:24:29","slug":"acceso-a-un-habitat","status":"publish","type":"page","link":"https:\/\/www.fondoadaptacion.gov.co\/gramaloteunarealidad\/acceso-a-un-habitat\/","title":{"rendered":"Acceso a un habitat"},"content":{"rendered":"\t\t<div data-elementor-type=\"wp-page\" data-elementor-id=\"5138\" class=\"elementor elementor-5138\">\n\t\t\t\t\t\t\t\t\t<section class=\"elementor-section elementor-top-section elementor-element elementor-element-f81f78d elementor-section-boxed elementor-section-height-default elementor-section-height-default\" data-id=\"f81f78d\" data-element_type=\"section\">\n\t\t\t\t\t\t<div class=\"elementor-container elementor-column-gap-default\">\n\t\t\t\t\t<div class=\"elementor-column elementor-col-100 elementor-top-column elementor-element elementor-element-0d306f0\" data-id=\"0d306f0\" data-element_type=\"column\">\n\t\t\t<div class=\"elementor-widget-wrap elementor-element-populated\">\n\t\t\t\t\t\t\t\t<div class=\"elementor-element elementor-element-a8fbdab elementor-widget elementor-widget-heading\" data-id=\"a8fbdab\" data-element_type=\"widget\" data-widget_type=\"heading.default\">\n\t\t\t\t<div class=\"elementor-widget-container\">\n\t\t\t<style>\/*! elementor - v3.13.2 - 11-05-2023 *\/\n.elementor-heading-title{padding:0;margin:0;line-height:1}.elementor-widget-heading .elementor-heading-title[class*=elementor-size-]>a{color:inherit;font-size:inherit;line-height:inherit}.elementor-widget-heading .elementor-heading-title.elementor-size-small{font-size:15px}.elementor-widget-heading .elementor-heading-title.elementor-size-medium{font-size:19px}.elementor-widget-heading .elementor-heading-title.elementor-size-large{font-size:29px}.elementor-widget-heading .elementor-heading-title.elementor-size-xl{font-size:39px}.elementor-widget-heading .elementor-heading-title.elementor-size-xxl{font-size:59px}<\/style><h2 class=\"elementor-heading-title elementor-size-default\">Acceso a un h\u00e1bitat sostenible y seguro<\/h2>\t\t<\/div>\n\t\t\t\t<\/div>\n\t\t\t\t<div class=\"elementor-element elementor-element-00f7db4 elementor-widget elementor-widget-text-editor\" data-id=\"00f7db4\" data-element_type=\"widget\" data-widget_type=\"text-editor.default\">\n\t\t\t\t<div class=\"elementor-widget-container\">\n\t\t\t<style>\/*! elementor - v3.13.2 - 11-05-2023 *\/\n.elementor-widget-text-editor.elementor-drop-cap-view-stacked .elementor-drop-cap{background-color:#69727d;color:#fff}.elementor-widget-text-editor.elementor-drop-cap-view-framed .elementor-drop-cap{color:#69727d;border:3px solid;background-color:transparent}.elementor-widget-text-editor:not(.elementor-drop-cap-view-default) .elementor-drop-cap{margin-top:8px}.elementor-widget-text-editor:not(.elementor-drop-cap-view-default) .elementor-drop-cap-letter{width:1em;height:1em}.elementor-widget-text-editor .elementor-drop-cap{float:left;text-align:center;line-height:1;font-size:50px}.elementor-widget-text-editor .elementor-drop-cap-letter{display:inline-block}<\/style>\t\t\t\t<p style=\"text-align: center;\">La selecci\u00f3n de un lugar seguro (vereda Miraflores) para el reasentamiento, es uno de los aspectos fundamentales para lograr asegurar a la poblaci\u00f3n gramalotera brindando mejores condiciones de vida y la sostenibilidad del nuevo caso urbano. Por esta raz\u00f3n, para la selecci\u00f3n del sector escogido se tuvieron en cuenta, adem\u00e1s de los estudios de amenaza por remoci\u00f3n en masa y geot\u00e9cnicos, variables tales como la disponibilidad de v\u00edas de acceso, la posibilidad de articulaci\u00f3n regional y urbano rural, el clima, la disponibilidad de agua y las facilidades para prestaci\u00f3n de servicios p\u00fablicos, el impacto ambiental y sus potencialidades desde el punto de vista de servicios ecosist\u00e9micos y el tiempo de construcci\u00f3n.<\/p>\t\t\t\t\t\t<\/div>\n\t\t\t\t<\/div>\n\t\t\t\t<div class=\"elementor-element elementor-element-fc4c98a elementor-posts--align-center elementor-grid-3 elementor-grid-tablet-2 elementor-grid-mobile-1 elementor-posts--thumbnail-top elementor-card-shadow-yes elementor-posts__hover-gradient elementor-widget elementor-widget-posts\" data-id=\"fc4c98a\" data-element_type=\"widget\" data-settings=\"{&quot;cards_columns&quot;:&quot;3&quot;,&quot;cards_columns_tablet&quot;:&quot;2&quot;,&quot;cards_columns_mobile&quot;:&quot;1&quot;,&quot;cards_row_gap&quot;:{&quot;unit&quot;:&quot;px&quot;,&quot;size&quot;:35,&quot;sizes&quot;:[]},&quot;cards_row_gap_tablet&quot;:{&quot;unit&quot;:&quot;px&quot;,&quot;size&quot;:&quot;&quot;,&quot;sizes&quot;:[]},&quot;cards_row_gap_mobile&quot;:{&quot;unit&quot;:&quot;px&quot;,&quot;size&quot;:&quot;&quot;,&quot;sizes&quot;:[]}}\" data-widget_type=\"posts.cards\">\n\t\t\t\t<div class=\"elementor-widget-container\">\n\t\t\t<link rel=\"stylesheet\" href=\"https:\/\/www.fondoadaptacion.gov.co\/gramaloteunarealidad\/wp-content\/plugins\/elementor-pro\/assets\/css\/widget-posts.min.css\">\t\t<div class=\"elementor-posts-container elementor-posts elementor-posts--skin-cards elementor-grid\">\n\t\t\t\t<article class=\"elementor-post elementor-grid-item post-2075 post type-post status-publish format-standard has-post-thumbnail hentry category-7 category-acceso-a-un-habitat-sostenible-y-seguro\">\n\t\t\t<div class=\"elementor-post__card\">\n\t\t\t\t<a class=\"elementor-post__thumbnail__link\" href=\"https:\/\/www.fondoadaptacion.gov.co\/gramaloteunarealidad\/2021\/11\/29\/29-de-noviembre-de-2021\/\" ><div class=\"elementor-post__thumbnail\"><img loading=\"lazy\" decoding=\"async\" width=\"300\" height=\"200\" src=\"https:\/\/www.fondoadaptacion.gov.co\/gramaloteunarealidad\/wp-content\/uploads\/2023\/05\/WhatsApp-Image-2023-05-21-at-9.45.29-AM-1-300x200.jpeg\" class=\"attachment-medium size-medium wp-image-2766\" alt=\"\" srcset=\"https:\/\/www.fondoadaptacion.gov.co\/gramaloteunarealidad\/wp-content\/uploads\/2023\/05\/WhatsApp-Image-2023-05-21-at-9.45.29-AM-1-300x200.jpeg 300w, https:\/\/www.fondoadaptacion.gov.co\/gramaloteunarealidad\/wp-content\/uploads\/2023\/05\/WhatsApp-Image-2023-05-21-at-9.45.29-AM-1-1024x682.jpeg 1024w, https:\/\/www.fondoadaptacion.gov.co\/gramaloteunarealidad\/wp-content\/uploads\/2023\/05\/WhatsApp-Image-2023-05-21-at-9.45.29-AM-1-768x512.jpeg 768w, https:\/\/www.fondoadaptacion.gov.co\/gramaloteunarealidad\/wp-content\/uploads\/2023\/05\/WhatsApp-Image-2023-05-21-at-9.45.29-AM-1-1536x1023.jpeg 1536w, https:\/\/www.fondoadaptacion.gov.co\/gramaloteunarealidad\/wp-content\/uploads\/2023\/05\/WhatsApp-Image-2023-05-21-at-9.45.29-AM-1.jpeg 1600w\" sizes=\"auto, (max-width: 300px) 100vw, 300px\" \/><\/div><\/a>\n\t\t\t\t<div class=\"elementor-post__badge\">2021<\/div>\n\t\t\t\t<div class=\"elementor-post__text\">\n\t\t\t\t<h2 class=\"elementor-post__title\">\n\t\t\t<a href=\"https:\/\/www.fondoadaptacion.gov.co\/gramaloteunarealidad\/2021\/11\/29\/29-de-noviembre-de-2021\/\" >\n\t\t\t\t29 de Noviembre de 2021\t\t\t<\/a>\n\t\t<\/h2>\n\t\t\t\t<div class=\"elementor-post__excerpt\">\n\t\t\t<p>Regresamos a Gramalote Entrega de Vivienda El Fondo Adaptaci\u00f3n a trav\u00e9s de CORPROGRESO operador social y jur\u00eddico dentro del plan de reasentamiento hace entrega de<\/p>\n\t\t<\/div>\n\t\t\t\t<\/div>\n\t\t\t\t\t<\/div>\n\t\t<\/article>\n\t\t\t\t<article class=\"elementor-post elementor-grid-item post-2050 post type-post status-publish format-standard has-post-thumbnail hentry category-7 category-acceso-a-un-habitat-sostenible-y-seguro\">\n\t\t\t<div class=\"elementor-post__card\">\n\t\t\t\t<a class=\"elementor-post__thumbnail__link\" href=\"https:\/\/www.fondoadaptacion.gov.co\/gramaloteunarealidad\/2021\/11\/19\/19-de-noviembre-de-2021\/\" ><div class=\"elementor-post__thumbnail\"><img loading=\"lazy\" decoding=\"async\" width=\"240\" height=\"300\" src=\"https:\/\/www.fondoadaptacion.gov.co\/gramaloteunarealidad\/wp-content\/uploads\/2023\/05\/Entrega_vivienda_familia_Caceres-240x300.png\" class=\"attachment-medium size-medium wp-image-2053\" alt=\"\" srcset=\"https:\/\/www.fondoadaptacion.gov.co\/gramaloteunarealidad\/wp-content\/uploads\/2023\/05\/Entrega_vivienda_familia_Caceres-240x300.png 240w, https:\/\/www.fondoadaptacion.gov.co\/gramaloteunarealidad\/wp-content\/uploads\/2023\/05\/Entrega_vivienda_familia_Caceres.png 320w\" sizes=\"auto, (max-width: 240px) 100vw, 240px\" \/><\/div><\/a>\n\t\t\t\t<div class=\"elementor-post__badge\">2021<\/div>\n\t\t\t\t<div class=\"elementor-post__text\">\n\t\t\t\t<h2 class=\"elementor-post__title\">\n\t\t\t<a href=\"https:\/\/www.fondoadaptacion.gov.co\/gramaloteunarealidad\/2021\/11\/19\/19-de-noviembre-de-2021\/\" >\n\t\t\t\t19 de Noviembre de 2021\t\t\t<\/a>\n\t\t<\/h2>\n\t\t\t\t<div class=\"elementor-post__excerpt\">\n\t\t\t<p>Regresamos a Gramalote Entrega de Vivienda El d\u00eda de hoy el Fondo Adaptaci\u00f3n a trav\u00e9s de CORPROGRESO operador social y jur\u00eddico dentro del plan de<\/p>\n\t\t<\/div>\n\t\t\t\t<\/div>\n\t\t\t\t\t<\/div>\n\t\t<\/article>\n\t\t\t\t<article class=\"elementor-post elementor-grid-item post-2003 post type-post status-publish format-standard has-post-thumbnail hentry category-7 category-acceso-a-un-habitat-sostenible-y-seguro\">\n\t\t\t<div class=\"elementor-post__card\">\n\t\t\t\t<a class=\"elementor-post__thumbnail__link\" href=\"https:\/\/www.fondoadaptacion.gov.co\/gramaloteunarealidad\/2021\/10\/20\/20-de-octubre-de-2021\/\" ><div class=\"elementor-post__thumbnail\"><img loading=\"lazy\" decoding=\"async\" width=\"300\" height=\"225\" src=\"https:\/\/www.fondoadaptacion.gov.co\/gramaloteunarealidad\/wp-content\/uploads\/2021\/09\/242737316_2984325951782846_2319456720869104800_n-300x225.png\" class=\"attachment-medium size-medium wp-image-1957\" alt=\"\" srcset=\"https:\/\/www.fondoadaptacion.gov.co\/gramaloteunarealidad\/wp-content\/uploads\/2021\/09\/242737316_2984325951782846_2319456720869104800_n-300x225.png 300w, https:\/\/www.fondoadaptacion.gov.co\/gramaloteunarealidad\/wp-content\/uploads\/2021\/09\/242737316_2984325951782846_2319456720869104800_n.png 533w\" sizes=\"auto, (max-width: 300px) 100vw, 300px\" \/><\/div><\/a>\n\t\t\t\t<div class=\"elementor-post__badge\">2021<\/div>\n\t\t\t\t<div class=\"elementor-post__text\">\n\t\t\t\t<h2 class=\"elementor-post__title\">\n\t\t\t<a href=\"https:\/\/www.fondoadaptacion.gov.co\/gramaloteunarealidad\/2021\/10\/20\/20-de-octubre-de-2021\/\" >\n\t\t\t\t20 de Octubre de 2021\t\t\t<\/a>\n\t\t<\/h2>\n\t\t\t\t<div class=\"elementor-post__excerpt\">\n\t\t\t<p>Regresamos a Gramalote Entrega de lotes Se realiza el acompa\u00f1amiento\u00a0 a la entrega de lotes a gramaloteros que pronto regresar\u00e1n a disfrutar del clima, tranquilidad<\/p>\n\t\t<\/div>\n\t\t\t\t<\/div>\n\t\t\t\t\t<\/div>\n\t\t<\/article>\n\t\t\t\t<article class=\"elementor-post elementor-grid-item post-1986 post type-post status-publish format-standard has-post-thumbnail hentry category-7 category-acceso-a-un-habitat-sostenible-y-seguro\">\n\t\t\t<div class=\"elementor-post__card\">\n\t\t\t\t<a class=\"elementor-post__thumbnail__link\" href=\"https:\/\/www.fondoadaptacion.gov.co\/gramaloteunarealidad\/2021\/10\/05\/5-de-octubre-de-2021\/\" ><div class=\"elementor-post__thumbnail\"><img loading=\"lazy\" decoding=\"async\" width=\"300\" height=\"200\" src=\"https:\/\/www.fondoadaptacion.gov.co\/gramaloteunarealidad\/wp-content\/uploads\/2023\/05\/Avance_obras_128-viviendas-faltantes_1-300x200.png\" class=\"attachment-medium size-medium wp-image-1990\" alt=\"\" srcset=\"https:\/\/www.fondoadaptacion.gov.co\/gramaloteunarealidad\/wp-content\/uploads\/2023\/05\/Avance_obras_128-viviendas-faltantes_1-300x200.png 300w, https:\/\/www.fondoadaptacion.gov.co\/gramaloteunarealidad\/wp-content\/uploads\/2023\/05\/Avance_obras_128-viviendas-faltantes_1.png 600w\" sizes=\"auto, (max-width: 300px) 100vw, 300px\" \/><\/div><\/a>\n\t\t\t\t<div class=\"elementor-post__badge\">2021<\/div>\n\t\t\t\t<div class=\"elementor-post__text\">\n\t\t\t\t<h2 class=\"elementor-post__title\">\n\t\t\t<a href=\"https:\/\/www.fondoadaptacion.gov.co\/gramaloteunarealidad\/2021\/10\/05\/5-de-octubre-de-2021\/\" >\n\t\t\t\t5 de Octubre de 2021\t\t\t<\/a>\n\t\t<\/h2>\n\t\t\t\t<div class=\"elementor-post__excerpt\">\n\t\t\t<p>Noticias Gramalote Avance de obras En cumplimiento del acompa\u00f1amiento social del Macroproyecto Gramalote, hoy en las horas de la ma\u00f1ana se adelant\u00f3 reuni\u00f3n en la<\/p>\n\t\t<\/div>\n\t\t\t\t<\/div>\n\t\t\t\t\t<\/div>\n\t\t<\/article>\n\t\t\t\t<article class=\"elementor-post elementor-grid-item post-1949 post type-post status-publish format-standard has-post-thumbnail hentry category-7 category-acceso-a-un-habitat-sostenible-y-seguro\">\n\t\t\t<div class=\"elementor-post__card\">\n\t\t\t\t<a class=\"elementor-post__thumbnail__link\" href=\"https:\/\/www.fondoadaptacion.gov.co\/gramaloteunarealidad\/2021\/09\/29\/29-de-septiembre-de-2021\/\" ><div class=\"elementor-post__thumbnail\"><img loading=\"lazy\" decoding=\"async\" width=\"300\" height=\"225\" src=\"https:\/\/www.fondoadaptacion.gov.co\/gramaloteunarealidad\/wp-content\/uploads\/2021\/09\/243572357_2984325961782845_4886919545652943629_n-300x225.png\" class=\"attachment-medium size-medium wp-image-1956\" alt=\"\" srcset=\"https:\/\/www.fondoadaptacion.gov.co\/gramaloteunarealidad\/wp-content\/uploads\/2021\/09\/243572357_2984325961782845_4886919545652943629_n-300x225.png 300w, https:\/\/www.fondoadaptacion.gov.co\/gramaloteunarealidad\/wp-content\/uploads\/2021\/09\/243572357_2984325961782845_4886919545652943629_n.png 533w\" sizes=\"auto, (max-width: 300px) 100vw, 300px\" \/><\/div><\/a>\n\t\t\t\t<div class=\"elementor-post__badge\">2021<\/div>\n\t\t\t\t<div class=\"elementor-post__text\">\n\t\t\t\t<h2 class=\"elementor-post__title\">\n\t\t\t<a href=\"https:\/\/www.fondoadaptacion.gov.co\/gramaloteunarealidad\/2021\/09\/29\/29-de-septiembre-de-2021\/\" >\n\t\t\t\t29 de Septiembre de 2021\t\t\t<\/a>\n\t\t<\/h2>\n\t\t\t\t<div class=\"elementor-post__excerpt\">\n\t\t\t<p>Regresamos a Gramalote Entrega de obras Acompa\u00f1amos a la entrega de lotes a cinco gramaloteros propietarios no habitantes que podr\u00e1n construir pronto su casa, para<\/p>\n\t\t<\/div>\n\t\t\t\t<\/div>\n\t\t\t\t\t<\/div>\n\t\t<\/article>\n\t\t\t\t<article class=\"elementor-post elementor-grid-item post-1746 post type-post status-publish format-standard has-post-thumbnail hentry category-7 category-acceso-a-un-habitat-sostenible-y-seguro category-reconstruccion-del-tejido-social-para-una-comunidad-resiliente\">\n\t\t\t<div class=\"elementor-post__card\">\n\t\t\t\t<a class=\"elementor-post__thumbnail__link\" href=\"https:\/\/www.fondoadaptacion.gov.co\/gramaloteunarealidad\/2021\/08\/21\/21-de-agosto-de-2021\/\" ><div class=\"elementor-post__thumbnail\"><img loading=\"lazy\" decoding=\"async\" width=\"300\" height=\"200\" src=\"https:\/\/www.fondoadaptacion.gov.co\/gramaloteunarealidad\/wp-content\/uploads\/2023\/05\/WhatsApp-Image-2023-05-21-at-9.45.30-AM-300x200.jpeg\" class=\"attachment-medium size-medium wp-image-2762\" alt=\"\" srcset=\"https:\/\/www.fondoadaptacion.gov.co\/gramaloteunarealidad\/wp-content\/uploads\/2023\/05\/WhatsApp-Image-2023-05-21-at-9.45.30-AM-300x200.jpeg 300w, https:\/\/www.fondoadaptacion.gov.co\/gramaloteunarealidad\/wp-content\/uploads\/2023\/05\/WhatsApp-Image-2023-05-21-at-9.45.30-AM-1024x682.jpeg 1024w, https:\/\/www.fondoadaptacion.gov.co\/gramaloteunarealidad\/wp-content\/uploads\/2023\/05\/WhatsApp-Image-2023-05-21-at-9.45.30-AM-768x512.jpeg 768w, https:\/\/www.fondoadaptacion.gov.co\/gramaloteunarealidad\/wp-content\/uploads\/2023\/05\/WhatsApp-Image-2023-05-21-at-9.45.30-AM-1536x1023.jpeg 1536w, https:\/\/www.fondoadaptacion.gov.co\/gramaloteunarealidad\/wp-content\/uploads\/2023\/05\/WhatsApp-Image-2023-05-21-at-9.45.30-AM.jpeg 1600w\" sizes=\"auto, (max-width: 300px) 100vw, 300px\" \/><\/div><\/a>\n\t\t\t\t<div class=\"elementor-post__badge\">2021<\/div>\n\t\t\t\t<div class=\"elementor-post__text\">\n\t\t\t\t<h2 class=\"elementor-post__title\">\n\t\t\t<a href=\"https:\/\/www.fondoadaptacion.gov.co\/gramaloteunarealidad\/2021\/08\/21\/21-de-agosto-de-2021\/\" >\n\t\t\t\t21 de Agosto de 2021\t\t\t<\/a>\n\t\t<\/h2>\n\t\t\t\t<div class=\"elementor-post__excerpt\">\n\t\t\t<p>Regresamos a Gramalote Entrega de Vivienda Contin\u00faan m\u00e1s familias regresando a Gramalote, esta vez la familia de\u00a0 hermanos Fuentes Jim\u00e9nez, Irma Gutierrez Bayorna y Olga<\/p>\n\t\t<\/div>\n\t\t\t\t<\/div>\n\t\t\t\t\t<\/div>\n\t\t<\/article>\n\t\t\t\t<article class=\"elementor-post elementor-grid-item post-1390 post type-post status-publish format-standard has-post-thumbnail hentry category-7 category-acceso-a-un-habitat-sostenible-y-seguro\">\n\t\t\t<div class=\"elementor-post__card\">\n\t\t\t\t<a class=\"elementor-post__thumbnail__link\" href=\"https:\/\/www.fondoadaptacion.gov.co\/gramaloteunarealidad\/2021\/03\/27\/27-de-marzo-de-2021\/\" ><div class=\"elementor-post__thumbnail\"><img loading=\"lazy\" decoding=\"async\" width=\"300\" height=\"200\" src=\"https:\/\/www.fondoadaptacion.gov.co\/gramaloteunarealidad\/wp-content\/uploads\/2023\/05\/Entrega_de_vivienda_familia_Gutierrez_vaca_Gramalote_2-300x200.png\" class=\"attachment-medium size-medium wp-image-1394\" alt=\"\" srcset=\"https:\/\/www.fondoadaptacion.gov.co\/gramaloteunarealidad\/wp-content\/uploads\/2023\/05\/Entrega_de_vivienda_familia_Gutierrez_vaca_Gramalote_2-300x200.png 300w, https:\/\/www.fondoadaptacion.gov.co\/gramaloteunarealidad\/wp-content\/uploads\/2023\/05\/Entrega_de_vivienda_familia_Gutierrez_vaca_Gramalote_2.png 600w\" sizes=\"auto, (max-width: 300px) 100vw, 300px\" \/><\/div><\/a>\n\t\t\t\t<div class=\"elementor-post__badge\">2021<\/div>\n\t\t\t\t<div class=\"elementor-post__text\">\n\t\t\t\t<h2 class=\"elementor-post__title\">\n\t\t\t<a href=\"https:\/\/www.fondoadaptacion.gov.co\/gramaloteunarealidad\/2021\/03\/27\/27-de-marzo-de-2021\/\" >\n\t\t\t\t27 de Marzo de  2021\t\t\t<\/a>\n\t\t<\/h2>\n\t\t\t\t<div class=\"elementor-post__excerpt\">\n\t\t\t<p>Regresamos a Gramalote Entrega de Viviendas El Fondo Adaptaci\u00f3n contin\u00faa entregando viviendas en el Nuevo Casco Urbano de Gramalote, en compa\u00f1\u00eda del operador Social CORPROGRESO.<\/p>\n\t\t<\/div>\n\t\t\t\t<\/div>\n\t\t\t\t\t<\/div>\n\t\t<\/article>\n\t\t\t\t<article class=\"elementor-post elementor-grid-item post-1184 post type-post status-publish format-standard has-post-thumbnail hentry category-7 category-acceso-a-un-habitat-sostenible-y-seguro\">\n\t\t\t<div class=\"elementor-post__card\">\n\t\t\t\t<a class=\"elementor-post__thumbnail__link\" href=\"https:\/\/www.fondoadaptacion.gov.co\/gramaloteunarealidad\/2021\/03\/12\/12-de-marzo-de-2021\/\" ><div class=\"elementor-post__thumbnail\"><img loading=\"lazy\" decoding=\"async\" width=\"300\" height=\"200\" src=\"https:\/\/www.fondoadaptacion.gov.co\/gramaloteunarealidad\/wp-content\/uploads\/2023\/05\/Avance_equipamiento-recreo-deportivo_marzo2021_3-300x200.png\" class=\"attachment-medium size-medium wp-image-1187\" alt=\"\" srcset=\"https:\/\/www.fondoadaptacion.gov.co\/gramaloteunarealidad\/wp-content\/uploads\/2023\/05\/Avance_equipamiento-recreo-deportivo_marzo2021_3-300x200.png 300w, https:\/\/www.fondoadaptacion.gov.co\/gramaloteunarealidad\/wp-content\/uploads\/2023\/05\/Avance_equipamiento-recreo-deportivo_marzo2021_3.png 600w\" sizes=\"auto, (max-width: 300px) 100vw, 300px\" \/><\/div><\/a>\n\t\t\t\t<div class=\"elementor-post__badge\">2021<\/div>\n\t\t\t\t<div class=\"elementor-post__text\">\n\t\t\t\t<h2 class=\"elementor-post__title\">\n\t\t\t<a href=\"https:\/\/www.fondoadaptacion.gov.co\/gramaloteunarealidad\/2021\/03\/12\/12-de-marzo-de-2021\/\" >\n\t\t\t\t12 de Marzo de  2021\t\t\t<\/a>\n\t\t<\/h2>\n\t\t\t\t<div class=\"elementor-post__excerpt\">\n\t\t\t<p>Regresamos a Gramalote Avance de Obra El Equipo Local de Seguimiento visit\u00f3 y conoci\u00f3 la obra del polideportivo, as\u00ed avanza la construcci\u00f3n de equipamiento recreo-deportivo<\/p>\n\t\t<\/div>\n\t\t\t\t<\/div>\n\t\t\t\t\t<\/div>\n\t\t<\/article>\n\t\t\t\t<article class=\"elementor-post elementor-grid-item post-968 post type-post status-publish format-standard has-post-thumbnail hentry category-6 category-acceso-a-un-habitat-sostenible-y-seguro\">\n\t\t\t<div class=\"elementor-post__card\">\n\t\t\t\t<a class=\"elementor-post__thumbnail__link\" href=\"https:\/\/www.fondoadaptacion.gov.co\/gramaloteunarealidad\/2020\/12\/29\/29-de-diciembre-de-2020\/\" ><div class=\"elementor-post__thumbnail\"><img loading=\"lazy\" decoding=\"async\" width=\"300\" height=\"200\" src=\"https:\/\/www.fondoadaptacion.gov.co\/gramaloteunarealidad\/wp-content\/uploads\/2023\/05\/WhatsApp-Image-2023-05-21-at-9.45.30-AM-1-300x200.jpeg\" class=\"attachment-medium size-medium wp-image-2764\" alt=\"\" srcset=\"https:\/\/www.fondoadaptacion.gov.co\/gramaloteunarealidad\/wp-content\/uploads\/2023\/05\/WhatsApp-Image-2023-05-21-at-9.45.30-AM-1-300x200.jpeg 300w, https:\/\/www.fondoadaptacion.gov.co\/gramaloteunarealidad\/wp-content\/uploads\/2023\/05\/WhatsApp-Image-2023-05-21-at-9.45.30-AM-1-1024x682.jpeg 1024w, https:\/\/www.fondoadaptacion.gov.co\/gramaloteunarealidad\/wp-content\/uploads\/2023\/05\/WhatsApp-Image-2023-05-21-at-9.45.30-AM-1-768x512.jpeg 768w, https:\/\/www.fondoadaptacion.gov.co\/gramaloteunarealidad\/wp-content\/uploads\/2023\/05\/WhatsApp-Image-2023-05-21-at-9.45.30-AM-1-1536x1023.jpeg 1536w, https:\/\/www.fondoadaptacion.gov.co\/gramaloteunarealidad\/wp-content\/uploads\/2023\/05\/WhatsApp-Image-2023-05-21-at-9.45.30-AM-1.jpeg 1600w\" sizes=\"auto, (max-width: 300px) 100vw, 300px\" \/><\/div><\/a>\n\t\t\t\t<div class=\"elementor-post__badge\">2020<\/div>\n\t\t\t\t<div class=\"elementor-post__text\">\n\t\t\t\t<h2 class=\"elementor-post__title\">\n\t\t\t<a href=\"https:\/\/www.fondoadaptacion.gov.co\/gramaloteunarealidad\/2020\/12\/29\/29-de-diciembre-de-2020\/\" >\n\t\t\t\t29 de Diciembre de  2020\t\t\t<\/a>\n\t\t<\/h2>\n\t\t\t\t<div class=\"elementor-post__excerpt\">\n\t\t\t<p>Regresamos a Gramalote Entrega de Viviendas El Fondo Adaptaci\u00f3n a trav\u00e9s de su operador Social y jur\u00eddico CORPROGRESO dentro del plan de reasentamiento, finaliza el<\/p>\n\t\t<\/div>\n\t\t\t\t<\/div>\n\t\t\t\t\t<\/div>\n\t\t<\/article>\n\t\t\t\t<article class=\"elementor-post elementor-grid-item post-924 post type-post status-publish format-standard has-post-thumbnail hentry category-6 category-acceso-a-un-habitat-sostenible-y-seguro\">\n\t\t\t<div class=\"elementor-post__card\">\n\t\t\t\t<a class=\"elementor-post__thumbnail__link\" href=\"https:\/\/www.fondoadaptacion.gov.co\/gramaloteunarealidad\/2020\/12\/18\/18-de-diciembre-de-2020\/\" ><div class=\"elementor-post__thumbnail\"><img loading=\"lazy\" decoding=\"async\" width=\"300\" height=\"200\" src=\"https:\/\/www.fondoadaptacion.gov.co\/gramaloteunarealidad\/wp-content\/uploads\/2023\/05\/Entrega_de_vivienda_familia_Gutierrez_vaca_Gramalote_1png-300x200.png\" class=\"attachment-medium size-medium wp-image-1395\" alt=\"\" srcset=\"https:\/\/www.fondoadaptacion.gov.co\/gramaloteunarealidad\/wp-content\/uploads\/2023\/05\/Entrega_de_vivienda_familia_Gutierrez_vaca_Gramalote_1png-300x200.png 300w, https:\/\/www.fondoadaptacion.gov.co\/gramaloteunarealidad\/wp-content\/uploads\/2023\/05\/Entrega_de_vivienda_familia_Gutierrez_vaca_Gramalote_1png.png 600w\" sizes=\"auto, (max-width: 300px) 100vw, 300px\" \/><\/div><\/a>\n\t\t\t\t<div class=\"elementor-post__badge\">2020<\/div>\n\t\t\t\t<div class=\"elementor-post__text\">\n\t\t\t\t<h2 class=\"elementor-post__title\">\n\t\t\t<a href=\"https:\/\/www.fondoadaptacion.gov.co\/gramaloteunarealidad\/2020\/12\/18\/18-de-diciembre-de-2020\/\" >\n\t\t\t\t18 de Diciembre de 2020\t\t\t<\/a>\n\t\t<\/h2>\n\t\t\t\t<div class=\"elementor-post__excerpt\">\n\t\t\t<p>Regresamos a Gramalote Entrega de Viviendas Seguimos entregando viviendas, hoy doce familias m\u00e1s habitan el nuevo casco urbano de Gramalote una realidad Previous image Next<\/p>\n\t\t<\/div>\n\t\t\t\t<\/div>\n\t\t\t\t\t<\/div>\n\t\t<\/article>\n\t\t\t\t<article class=\"elementor-post elementor-grid-item post-903 post type-post status-publish format-standard has-post-thumbnail hentry category-6 category-acceso-a-un-habitat-sostenible-y-seguro\">\n\t\t\t<div class=\"elementor-post__card\">\n\t\t\t\t<a class=\"elementor-post__thumbnail__link\" href=\"https:\/\/www.fondoadaptacion.gov.co\/gramaloteunarealidad\/2020\/12\/12\/12-de-diciembre-de-2020\/\" ><div class=\"elementor-post__thumbnail\"><img loading=\"lazy\" decoding=\"async\" width=\"300\" height=\"200\" src=\"https:\/\/www.fondoadaptacion.gov.co\/gramaloteunarealidad\/wp-content\/uploads\/2023\/05\/261454523_3028726337342807_3328060951766106939_n-300x200.png\" class=\"attachment-medium size-medium wp-image-2091\" alt=\"\" srcset=\"https:\/\/www.fondoadaptacion.gov.co\/gramaloteunarealidad\/wp-content\/uploads\/2023\/05\/261454523_3028726337342807_3328060951766106939_n-300x200.png 300w, https:\/\/www.fondoadaptacion.gov.co\/gramaloteunarealidad\/wp-content\/uploads\/2023\/05\/261454523_3028726337342807_3328060951766106939_n.png 600w\" sizes=\"auto, (max-width: 300px) 100vw, 300px\" \/><\/div><\/a>\n\t\t\t\t<div class=\"elementor-post__badge\">2020<\/div>\n\t\t\t\t<div class=\"elementor-post__text\">\n\t\t\t\t<h2 class=\"elementor-post__title\">\n\t\t\t<a href=\"https:\/\/www.fondoadaptacion.gov.co\/gramaloteunarealidad\/2020\/12\/12\/12-de-diciembre-de-2020\/\" >\n\t\t\t\t12 de Diciembre de  2020\t\t\t<\/a>\n\t\t<\/h2>\n\t\t\t\t<div class=\"elementor-post__excerpt\">\n\t\t\t<p>Regresamos a Gramalote Entrega de Viviendas Continuamos entregando viviendas, hoy siete familias m\u00e1s habitan el nuevo casco urbano de Gramalote Gramalote es una realidad. Previous<\/p>\n\t\t<\/div>\n\t\t\t\t<\/div>\n\t\t\t\t\t<\/div>\n\t\t<\/article>\n\t\t\t\t<article class=\"elementor-post elementor-grid-item post-891 post type-post status-publish format-standard has-post-thumbnail hentry category-6 category-acceso-a-un-habitat-sostenible-y-seguro\">\n\t\t\t<div class=\"elementor-post__card\">\n\t\t\t\t<a class=\"elementor-post__thumbnail__link\" href=\"https:\/\/www.fondoadaptacion.gov.co\/gramaloteunarealidad\/2020\/12\/06\/6-de-diciembre-de-2020\/\" ><div class=\"elementor-post__thumbnail\"><img loading=\"lazy\" decoding=\"async\" width=\"300\" height=\"200\" src=\"https:\/\/www.fondoadaptacion.gov.co\/gramaloteunarealidad\/wp-content\/uploads\/2023\/05\/WhatsApp-Image-2023-05-21-at-9.45.30-AM-2-300x200.jpeg\" class=\"attachment-medium size-medium wp-image-2763\" alt=\"\" srcset=\"https:\/\/www.fondoadaptacion.gov.co\/gramaloteunarealidad\/wp-content\/uploads\/2023\/05\/WhatsApp-Image-2023-05-21-at-9.45.30-AM-2-300x200.jpeg 300w, https:\/\/www.fondoadaptacion.gov.co\/gramaloteunarealidad\/wp-content\/uploads\/2023\/05\/WhatsApp-Image-2023-05-21-at-9.45.30-AM-2-1024x682.jpeg 1024w, https:\/\/www.fondoadaptacion.gov.co\/gramaloteunarealidad\/wp-content\/uploads\/2023\/05\/WhatsApp-Image-2023-05-21-at-9.45.30-AM-2-768x512.jpeg 768w, https:\/\/www.fondoadaptacion.gov.co\/gramaloteunarealidad\/wp-content\/uploads\/2023\/05\/WhatsApp-Image-2023-05-21-at-9.45.30-AM-2-1536x1023.jpeg 1536w, https:\/\/www.fondoadaptacion.gov.co\/gramaloteunarealidad\/wp-content\/uploads\/2023\/05\/WhatsApp-Image-2023-05-21-at-9.45.30-AM-2.jpeg 1600w\" sizes=\"auto, (max-width: 300px) 100vw, 300px\" \/><\/div><\/a>\n\t\t\t\t<div class=\"elementor-post__badge\">2020<\/div>\n\t\t\t\t<div class=\"elementor-post__text\">\n\t\t\t\t<h2 class=\"elementor-post__title\">\n\t\t\t<a href=\"https:\/\/www.fondoadaptacion.gov.co\/gramaloteunarealidad\/2020\/12\/06\/6-de-diciembre-de-2020\/\" >\n\t\t\t\t6 de Diciembre de 2020\t\t\t<\/a>\n\t\t<\/h2>\n\t\t\t\t<div class=\"elementor-post__excerpt\">\n\t\t\t<p>Regresamos a Gramalote Entrega de Viviendas El FONDO ADAPTACION a trav\u00e9s de su operador CORPROGRESO, reinici\u00f3 la escrituraci\u00f3n y entrega de viviendas, ya construidas, a<\/p>\n\t\t<\/div>\n\t\t\t\t<\/div>\n\t\t\t\t\t<\/div>\n\t\t<\/article>\n\t\t\t\t<article class=\"elementor-post elementor-grid-item post-836 post type-post status-publish format-standard has-post-thumbnail hentry category-6 category-acceso-a-un-habitat-sostenible-y-seguro\">\n\t\t\t<div class=\"elementor-post__card\">\n\t\t\t\t<a class=\"elementor-post__thumbnail__link\" href=\"https:\/\/www.fondoadaptacion.gov.co\/gramaloteunarealidad\/2020\/10\/27\/28-de-septiembre-de-2020\/\" ><div class=\"elementor-post__thumbnail\"><img loading=\"lazy\" decoding=\"async\" width=\"300\" height=\"200\" src=\"https:\/\/www.fondoadaptacion.gov.co\/gramaloteunarealidad\/wp-content\/uploads\/2023\/05\/Construyendo_Gramalote-300x200.jpg\" class=\"attachment-medium size-medium wp-image-3552\" alt=\"\" srcset=\"https:\/\/www.fondoadaptacion.gov.co\/gramaloteunarealidad\/wp-content\/uploads\/2023\/05\/Construyendo_Gramalote-300x200.jpg 300w, https:\/\/www.fondoadaptacion.gov.co\/gramaloteunarealidad\/wp-content\/uploads\/2023\/05\/Construyendo_Gramalote-768x512.jpg 768w, https:\/\/www.fondoadaptacion.gov.co\/gramaloteunarealidad\/wp-content\/uploads\/2023\/05\/Construyendo_Gramalote.jpg 799w\" sizes=\"auto, (max-width: 300px) 100vw, 300px\" \/><\/div><\/a>\n\t\t\t\t<div class=\"elementor-post__badge\">2020<\/div>\n\t\t\t\t<div class=\"elementor-post__text\">\n\t\t\t\t<h2 class=\"elementor-post__title\">\n\t\t\t<a href=\"https:\/\/www.fondoadaptacion.gov.co\/gramaloteunarealidad\/2020\/10\/27\/28-de-septiembre-de-2020\/\" >\n\t\t\t\t28 de Septiembre de 2020\t\t\t<\/a>\n\t\t<\/h2>\n\t\t\t\t<div class=\"elementor-post__excerpt\">\n\t\t\t<p>Regresamos a Gramalote Entrega de Lotes En el mes de\u00a0 Octubre se reactivaron las entregas de los lotes para propietarios no habitantes, por el equipo<\/p>\n\t\t<\/div>\n\t\t\t\t<\/div>\n\t\t\t\t\t<\/div>\n\t\t<\/article>\n\t\t\t\t<article class=\"elementor-post elementor-grid-item post-790 post type-post status-publish format-standard has-post-thumbnail hentry category-6 category-acceso-a-un-habitat-sostenible-y-seguro\">\n\t\t\t<div class=\"elementor-post__card\">\n\t\t\t\t<a class=\"elementor-post__thumbnail__link\" href=\"https:\/\/www.fondoadaptacion.gov.co\/gramaloteunarealidad\/2020\/06\/08\/8-de-junio-de-2020\/\" ><div class=\"elementor-post__thumbnail\"><img loading=\"lazy\" decoding=\"async\" width=\"300\" height=\"168\" src=\"https:\/\/www.fondoadaptacion.gov.co\/gramaloteunarealidad\/wp-content\/uploads\/2023\/05\/2_27635325354_o-300x168.jpg\" class=\"attachment-medium size-medium wp-image-3554\" alt=\"\" srcset=\"https:\/\/www.fondoadaptacion.gov.co\/gramaloteunarealidad\/wp-content\/uploads\/2023\/05\/2_27635325354_o-300x168.jpg 300w, https:\/\/www.fondoadaptacion.gov.co\/gramaloteunarealidad\/wp-content\/uploads\/2023\/05\/2_27635325354_o-768x431.jpg 768w, https:\/\/www.fondoadaptacion.gov.co\/gramaloteunarealidad\/wp-content\/uploads\/2023\/05\/2_27635325354_o.jpg 1024w\" sizes=\"auto, (max-width: 300px) 100vw, 300px\" \/><\/div><\/a>\n\t\t\t\t<div class=\"elementor-post__badge\">2020<\/div>\n\t\t\t\t<div class=\"elementor-post__text\">\n\t\t\t\t<h2 class=\"elementor-post__title\">\n\t\t\t<a href=\"https:\/\/www.fondoadaptacion.gov.co\/gramaloteunarealidad\/2020\/06\/08\/8-de-junio-de-2020\/\" >\n\t\t\t\t8 de Junio de 2020\t\t\t<\/a>\n\t\t<\/h2>\n\t\t\t\t<div class=\"elementor-post__excerpt\">\n\t\t\t<p>Noticias Gramalote Fase 2 construcci\u00f3n de viviendas<\/p>\n\t\t<\/div>\n\t\t\t\t<\/div>\n\t\t\t\t\t<\/div>\n\t\t<\/article>\n\t\t\t\t<article class=\"elementor-post elementor-grid-item post-776 post type-post status-publish format-standard has-post-thumbnail hentry category-6 category-acceso-a-un-habitat-sostenible-y-seguro\">\n\t\t\t<div class=\"elementor-post__card\">\n\t\t\t\t<a class=\"elementor-post__thumbnail__link\" href=\"https:\/\/www.fondoadaptacion.gov.co\/gramaloteunarealidad\/2020\/05\/25\/25-de-mayo-de-2020\/\" ><div class=\"elementor-post__thumbnail\"><img loading=\"lazy\" decoding=\"async\" width=\"300\" height=\"200\" src=\"https:\/\/www.fondoadaptacion.gov.co\/gramaloteunarealidad\/wp-content\/uploads\/2023\/05\/img_0499_21518081563_o-300x200.jpg\" class=\"attachment-medium size-medium wp-image-3551\" alt=\"\" srcset=\"https:\/\/www.fondoadaptacion.gov.co\/gramaloteunarealidad\/wp-content\/uploads\/2023\/05\/img_0499_21518081563_o-300x200.jpg 300w, https:\/\/www.fondoadaptacion.gov.co\/gramaloteunarealidad\/wp-content\/uploads\/2023\/05\/img_0499_21518081563_o-768x512.jpg 768w, https:\/\/www.fondoadaptacion.gov.co\/gramaloteunarealidad\/wp-content\/uploads\/2023\/05\/img_0499_21518081563_o.jpg 1024w\" sizes=\"auto, (max-width: 300px) 100vw, 300px\" \/><\/div><\/a>\n\t\t\t\t<div class=\"elementor-post__badge\">2020<\/div>\n\t\t\t\t<div class=\"elementor-post__text\">\n\t\t\t\t<h2 class=\"elementor-post__title\">\n\t\t\t<a href=\"https:\/\/www.fondoadaptacion.gov.co\/gramaloteunarealidad\/2020\/05\/25\/25-de-mayo-de-2020\/\" >\n\t\t\t\tReactivaci\u00f3n Construcci\u00f3n de Obras\t\t\t<\/a>\n\t\t<\/h2>\n\t\t\t\t<div class=\"elementor-post__excerpt\">\n\t\t\t<p>Noticias Gramalote Reactivaci\u00f3n Construcci\u00f3n de Obras El Fondo Adaptaci\u00f3n reactiva la construcci\u00f3n de las Viviendas. Mediante &#8220;Cuarentena activa&#8221;, se ejecutar\u00e1n las obras sin tener contacto<\/p>\n\t\t<\/div>\n\t\t\t\t<\/div>\n\t\t\t\t\t<\/div>\n\t\t<\/article>\n\t\t\t\t<\/div>\n\n\n\t\t\n\t\t\t\t<\/div>\n\t\t\t\t<\/div>\n\t\t\t\t\t<\/div>\n\t\t<\/div>\n\t\t\t\t\t\t\t<\/div>\n\t\t<\/section>\n\t\t\t\t\t\t\t<\/div>\n\t\t","protected":false},"excerpt":{"rendered":"<p>Acceso a un h\u00e1bitat sostenible y seguro La selecci\u00f3n de un lugar seguro (vereda Miraflores) para el reasentamiento, es uno de los aspectos fundamentales para lograr asegurar a la poblaci\u00f3n gramalotera brindando mejores condiciones de vida y la sostenibilidad del nuevo caso urbano. Por esta raz\u00f3n, para la selecci\u00f3n del sector escogido se tuvieron en [&hellip;]<\/p>\n","protected":false},"author":1,"featured_media":0,"parent":0,"menu_order":0,"comment_status":"closed","ping_status":"closed","template":"elementor_header_footer","meta":{"footnotes":""},"class_list":["post-5138","page","type-page","status-publish","hentry"],"_links":{"self":[{"href":"https:\/\/www.fondoadaptacion.gov.co\/gramaloteunarealidad\/wp-json\/wp\/v2\/pages\/5138","targetHints":{"allow":["GET"]}}],"collection":[{"href":"https:\/\/www.fondoadaptacion.gov.co\/gramaloteunarealidad\/wp-json\/wp\/v2\/pages"}],"about":[{"href":"https:\/\/www.fondoadaptacion.gov.co\/gramaloteunarealidad\/wp-json\/wp\/v2\/types\/page"}],"author":[{"embeddable":true,"href":"https:\/\/www.fondoadaptacion.gov.co\/gramaloteunarealidad\/wp-json\/wp\/v2\/users\/1"}],"replies":[{"embeddable":true,"href":"https:\/\/www.fondoadaptacion.gov.co\/gramaloteunarealidad\/wp-json\/wp\/v2\/comments?post=5138"}],"version-history":[{"count":4,"href":"https:\/\/www.fondoadaptacion.gov.co\/gramaloteunarealidad\/wp-json\/wp\/v2\/pages\/5138\/revisions"}],"predecessor-version":[{"id":5144,"href":"https:\/\/www.fondoadaptacion.gov.co\/gramaloteunarealidad\/wp-json\/wp\/v2\/pages\/5138\/revisions\/5144"}],"wp:attachment":[{"href":"https:\/\/www.fondoadaptacion.gov.co\/gramaloteunarealidad\/wp-json\/wp\/v2\/media?parent=5138"}],"curies":[{"name":"wp","href":"https:\/\/api.w.org\/{rel}","templated":true}]}}